{"id":6501,"date":"2022-11-06T11:16:55","date_gmt":"2022-11-06T10:16:55","guid":{"rendered":"https:\/\/kopendoors.com\/design\/"},"modified":"2022-12-04T17:15:42","modified_gmt":"2022-12-04T16:15:42","slug":"design","status":"publish","type":"page","link":"https:\/\/kopendoors.com\/fr\/design\/","title":{"rendered":"Design"},"content":{"rendered":"<section class=\"wpb-content-wrapper\"><p>[vc_row css=&#8221;.vc_custom_1667917284968{margin-right: -12px !important;margin-left: -12px !important;background-color: #c4bfbf !important;}&#8221;][vc_column offset=&#8221;vc_col-lg-offset-1 vc_col-lg-10&#8243;][vc_column_text css=&#8221;.vc_custom_1667917305387{padding-top: 50px !important;padding-bottom: 50px !important;}&#8221;]<\/p>\n<h3 style=\"text-align: center;\"><strong>Le catalogue Portes 2018 s\u2019enrichit de collections nouvelles et exclusives, r\u00e9sultat d\u2019un travail long et laborieux de notre \u00e9quipe de designers et architectes, pour r\u00e9pondre \u00e0 tous les besoins architecturaux et d\u2019am\u00e9nagement int\u00e9rieur.<\/strong><\/h3>\n<p>[\/vc_column_text][\/vc_column][\/vc_row][vc_row][vc_column css=&#8221;.vc_custom_1667917556707{margin-top: 0px !important;margin-right: 0px !important;margin-bottom: 0px !important;margin-left: 0px !important;padding-top: 0px !important;padding-right: 3px !important;padding-bottom: 0px !important;padding-left: 3px !important;}&#8221;]\n\t\t<section class=\"reveal-image lay3\">\n\t\t\t<div class=\"reveal_main \">\n\t\t\t\t<div data-reveal=\"home\" data-reveal-bgcolor=\"#c4bfbf\" data-reveal-direction=\"rl\" data-reveal-duration=\"800\"  data-reveal-offset=\"-100\" data-reveal-cover-area=\"0\" class=\"reveal_cont-img full-width block-revealer\">\n\t\t\t\t\t<div class=\"block-revealer__content\">\n\t\t\t\t\t\t<div class=\"reveal_img image-bg image-large image-center\" style=\"background-image: url(https:\/\/kopendoors.com\/wp-content\/uploads\/2022\/11\/porta-kopen-detail-wood-1024x576.jpg);\">\n\t\t\t\t\t\t\t<img decoding=\"async\" class=\"reveal_img img-responsive hidden-lg\" src=\"https:\/\/kopendoors.com\/wp-content\/themes\/kopen\/img\/size-16-9.gif\"><img decoding=\"async\" class=\"reveal_img img-responsive hidden-sm\" src=\"https:\/\/kopendoors.com\/wp-content\/themes\/kopen\/img\/size-square.gif\">\n\t\t\t\t\t\t<\/div>\n\t\t\t\t\t<\/div>\n\t\t\t\t\t<div class=\"block-revealer__element\"><\/div>\n\t\t\t\t<\/div>\n\t\t\t<\/div>\n\t\t<\/section>\n\t\t[\/vc_column][\/vc_row][vc_row][vc_column css=&#8221;.vc_custom_1668174182551{margin-top: 40px !important;margin-bottom: 40px !important;}&#8221;]<div class=\"importedel\"><section class=\"wpb-content-wrapper\"><p>[vc_row equal_height=&#8221;yes&#8221; content_placement=&#8221;middle&#8221;][vc_column width=&#8221;2\/3&#8243; css=&#8221;.vc_custom_1667756009129{padding-right: 50px !important;padding-left: 50px !important;}&#8221;][vc_column_text]<\/p>\n<h3>Typologies<\/h3>\n<p>&nbsp;<\/p>\n<p>La porte d\u2019entr\u00e9e en aluminium Kopen est con\u00e7ue pour r\u00e9pondre \u00e0 toutes les demandes, c\u2019est pour cela que chaque produit est toujours fabriqu\u00e9 sur mesure. Chaque porte Kopen est un mod\u00e8le unique. Les dimensions doivent \u00eatre consid\u00e9r\u00e9es standard jusqu\u2019\u00e0 1.060 mm de largeur et 2.250 mm de hauteur. La gamme de porte Kopen donne la possibilit\u00e9 de fabriquer des mod\u00e8les jusqu\u2019\u00e0 1.300 mm de largeur et 2.500 mm de hauteur, mais \u00e9galement un format XL avec une hauteur maximale de 2.800 mm.<\/p>\n<p>&nbsp;<\/p>\n<p>Avec la solution PIVOT, une porte peut \u00eatre r\u00e9alis\u00e9e avec un ouvrant format XXL jusqu\u2019\u00e0 1.800 mm de largeur x 3.000 mm (uniquement dans la Gamme Effect). Le syst\u00e8me Kopen garantit une libert\u00e9 de conception maximale avec un choix de plus de cinquante configurations d\u2019ensembles compos\u00e9s en combinant des produits compl\u00e9mentaires, tels que les fixes lat\u00e9raux vitr\u00e9s, les impostes fixes ou \u00e0 vasistas, et les deuxi\u00e8mes ouvrants, sym\u00e9triques ou asym\u00e9triques.<\/p>\n<p>&nbsp;<\/p>\n<p>La porte d\u2019entr\u00e9e Kopen peut \u00eatre \u00e9quip\u00e9e avec une barre de seuil inoxydable de finition noire ou argent d\u2019une \u00e9paisseur finie de 24 mm, ou avec un seuil mobile r\u00e9tractable (guillotine) pour r\u00e9pondre \u00e0 toutes les exigences.[\/vc_column_text][\/vc_column][vc_column width=&#8221;1\/3&#8243;]<div class=\"owl-carousel owl-theme owl-loaded\" data-items=\"1\" data-margin=\"10\" data-loop=\"true\" data-merge=\"true\" data-nav=\"true\" data-dots=\"true\" data-imgbackground=\"false\" data-lazyload=\"false\" data-stagepadding=\"\" data-mobile=\"1\" data-tablet=\"1\" data-desktopsmall=\"1\" data-desktop=\"1\" data-autoplay=\"true\" data-delay=\"4000\"><div class=\"item\"><img decoding=\"async\" src=\"https:\/\/kopendoors.com\/wp-content\/uploads\/2022\/11\/porte-tipologie-a.jpg\"><\/div><div class=\"item\"><img decoding=\"async\" src=\"https:\/\/kopendoors.com\/wp-content\/uploads\/2022\/11\/porte-tipologie-b.jpg\"><\/div><div class=\"item\"><img decoding=\"async\" src=\"https:\/\/kopendoors.com\/wp-content\/uploads\/2022\/11\/porte-tipologie-c.jpg\"><\/div><div class=\"item\"><img decoding=\"async\" src=\"https:\/\/kopendoors.com\/wp-content\/uploads\/2022\/11\/porte-tipologie-d.jpg\"><\/div><\/div>[\/vc_column][\/vc_row][vc_row css=&#8221;.vc_custom_1667827812050{border-top-width: 1px !important;border-top-color: #e6e6e6 !important;border-top-style: solid !important;}&#8221;][vc_column width=&#8221;1\/3&#8243;][vc_single_image image=&#8221;5443&#8243; img_size=&#8221;large&#8221; alignment=&#8221;center&#8221; el_class=&#8221;tipologieimg&#8221;][vc_column_text]<\/p>\n<h5 style=\"text-align: center;\"><strong>Porte \u00e0 un vantail<\/strong><\/h5>\n<p>[\/vc_column_text][\/vc_column][vc_column width=&#8221;1\/3&#8243;][vc_single_image image=&#8221;5447&#8243; img_size=&#8221;large&#8221; alignment=&#8221;center&#8221; el_class=&#8221;tipologieimg&#8221;][vc_column_text]<\/p>\n<h5 style=\"text-align: center;\"><strong>Porte \u00e0 deux vantaux avec le vantail secondaire ouvrable<\/strong><\/h5>\n<p>[\/vc_column_text][\/vc_column][vc_column width=&#8221;1\/3&#8243;][vc_single_image image=&#8221;5451&#8243; img_size=&#8221;large&#8221; alignment=&#8221;center&#8221; el_class=&#8221;tipologieimg&#8221;][vc_column_text]<\/p>\n<h5 style=\"text-align: center;\"><strong>Porte \u00e0 deux vantaux sym\u00e9triques<\/strong><\/h5>\n<p>[\/vc_column_text][\/vc_column][\/vc_row][vc_row css=&#8221;.vc_custom_1667827812050{border-top-width: 1px !important;border-top-color: #e6e6e6 !important;border-top-style: solid !important;}&#8221;][vc_column width=&#8221;1\/3&#8243;][vc_single_image image=&#8221;5455&#8243; img_size=&#8221;large&#8221; alignment=&#8221;center&#8221; el_class=&#8221;tipologieimg&#8221;][vc_column_text]<\/p>\n<h5 style=\"text-align: center;\"><strong>Porte \u00e0 un vantail avec un fixe vitr\u00e9 \u00e0 gauche<\/strong><\/h5>\n<p>[\/vc_column_text][\/vc_column][vc_column width=&#8221;1\/3&#8243;][vc_single_image image=&#8221;5459&#8243; img_size=&#8221;large&#8221; alignment=&#8221;center&#8221; el_class=&#8221;tipologieimg&#8221;][vc_column_text]<\/p>\n<h5 style=\"text-align: center;\"><strong>Porte \u00e0 un vantail avec un fixe vitr\u00e9 \u00e0 droite<\/strong><\/h5>\n<p>[\/vc_column_text][\/vc_column][vc_column width=&#8221;1\/3&#8243;][vc_single_image image=&#8221;5463&#8243; img_size=&#8221;large&#8221; alignment=&#8221;center&#8221; el_class=&#8221;tipologieimg&#8221;][vc_column_text]<\/p>\n<h5 style=\"text-align: center;\"><strong>Porte \u00e0 un vantail avec un fixe vitr\u00e9 \u00e0 droite<\/strong><\/h5>\n<p>[\/vc_column_text][\/vc_column][\/vc_row][vc_row css=&#8221;.vc_custom_1667827812050{border-top-width: 1px !important;border-top-color: #e6e6e6 !important;border-top-style: solid !important;}&#8221;][vc_column width=&#8221;1\/3&#8243;][vc_single_image image=&#8221;5467&#8243; img_size=&#8221;large&#8221; alignment=&#8221;center&#8221; el_class=&#8221;tipologieimg&#8221;][vc_column_text]<\/p>\n<h5 style=\"text-align: center;\"><strong>Porte \u00e0 un vantail avec imposte<\/strong><\/h5>\n<p>[\/vc_column_text][\/vc_column][vc_column width=&#8221;1\/3&#8243;][vc_single_image image=&#8221;5471&#8243; img_size=&#8221;large&#8221; alignment=&#8221;center&#8221; el_class=&#8221;tipologieimg&#8221;][vc_column_text]<\/p>\n<h5 style=\"text-align: center;\"><strong>Porte \u00e0 un vantail avec imposte ouvrable \u00e0 vasistas<\/strong><\/h5>\n<p>[\/vc_column_text][\/vc_column][vc_column width=&#8221;1\/3&#8243;][vc_single_image image=&#8221;5475&#8243; img_size=&#8221;large&#8221; alignment=&#8221;center&#8221; el_class=&#8221;tipologieimg&#8221;][vc_column_text]<\/p>\n<h5 style=\"text-align: center;\"><strong>Porte \u00e0 un vantail avec imposte et 2 tierces fixes en verre<\/strong><\/h5>\n<p>[\/vc_column_text][\/vc_column][\/vc_row]<\/p>\n<\/section><style type=\"text\/css\" data-type=\"vc_shortcodes-custom-css\">.vc_custom_1667827812050{border-top-width: 1px !important;border-top-color: #e6e6e6 !important;border-top-style: solid !important;}.vc_custom_1667827812050{border-top-width: 1px !important;border-top-color: #e6e6e6 !important;border-top-style: solid !important;}.vc_custom_1667827812050{border-top-width: 1px !important;border-top-color: #e6e6e6 !important;border-top-style: solid !important;}.vc_custom_1667756009129{padding-right: 50px !important;padding-left: 50px !important;}<\/style><\/div>[\/vc_column][\/vc_row][vc_row css=&#8221;.vc_custom_1667917111773{margin-right: -12px !important;margin-left: -12px !important;}&#8221;][vc_column css=&#8221;.vc_custom_1667917748771{margin-top: 0px !important;margin-right: 0px !important;margin-bottom: 0px !important;margin-left: 0px !important;padding-top: 0px !important;padding-right: 0px !important;padding-bottom: 0px !important;padding-left: 0px !important;}&#8221;]\n\t\t<section class=\"reveal-image lay3\">\n\t\t\t<div class=\"reveal_main \">\n\t\t\t\t<div data-reveal=\"home\" data-reveal-bgcolor=\"#c4bfbf\" data-reveal-direction=\"rl\" data-reveal-duration=\"800\"  data-reveal-offset=\"-100\" data-reveal-cover-area=\"0\" class=\"reveal_cont-img full-width block-revealer\">\n\t\t\t\t\t<div class=\"block-revealer__content\">\n\t\t\t\t\t\t<div class=\"reveal_img image-bg image-large image-center\" style=\"background-image: url(https:\/\/kopendoors.com\/wp-content\/uploads\/2022\/11\/porta-kopen-detail-linea-frame-1024x576.jpg);\">\n\t\t\t\t\t\t\t<img decoding=\"async\" class=\"reveal_img img-responsive hidden-lg\" src=\"https:\/\/kopendoors.com\/wp-content\/themes\/kopen\/img\/size-16-9.gif\"><img decoding=\"async\" class=\"reveal_img img-responsive hidden-sm\" src=\"https:\/\/kopendoors.com\/wp-content\/themes\/kopen\/img\/size-square.gif\">\n\t\t\t\t\t\t<\/div>\n\t\t\t\t\t<\/div>\n\t\t\t\t\t<div class=\"block-revealer__element\"><\/div>\n\t\t\t\t<\/div>\n\t\t\t<\/div>\n\t\t<\/section>\n\t\t[\/vc_column][\/vc_row]<\/p>\n<\/section>","protected":false},"excerpt":{"rendered":"<p>[vc_row css=&#8221;.vc_custom_1667917284968{margin-right: -12px !important;margin-left: -12px !important;background-color: #c4bfbf !important;}&#8221;][vc_column offset=&#8221;vc_col-lg-offset-1 vc_col-lg-10&#8243;][vc_column_text css=&#8221;.vc_custom_1667917305387{padding-top: 50px !important;padding-bottom: 50px !important;}&#8221;] Le catalogue Portes 2018 s\u2019enrichit de collections nouvelles et exclusives, r\u00e9sultat d\u2019un travail long et laborieux de notre \u00e9quipe de designers et architectes, pour r\u00e9pondre \u00e0 tous les besoins architecturaux et d\u2019am\u00e9nagement int\u00e9rieur. [\/vc_column_text][\/vc_column][\/vc_row][vc_row][vc_column css=&#8221;.vc_custom_1667917556707{margin-top: 0px !important;margin-right: 0px !important;margin-bottom: 0px [&hellip;]<\/p>\n","protected":false},"author":1,"featured_media":5671,"parent":0,"menu_order":0,"comment_status":"closed","ping_status":"closed","template":"template_header2.php","meta":{"footnotes":""},"class_list":["post-6501","page","type-page","status-publish","has-post-thumbnail","hentry"],"acf":[],"yoast_head":"<!-- This site is optimized with the Yoast SEO plugin v25.9 - https:\/\/yoast.com\/wordpress\/plugins\/seo\/ -->\n<title>Design - Kopen<\/title>\n<meta name=\"description\" content=\"D\u00e9couvrez les nouvelles collections Kopen, cr\u00e9\u00e9es pour r\u00e9pondre \u00e0 tous les besoins architecturaux.\" \/>\n<meta name=\"robots\" content=\"index, follow, max-snippet:-1, max-image-preview:large, max-video-preview:-1\" \/>\n<link rel=\"canonical\" href=\"https:\/\/kopendoors.com\/fr\/design\/\" \/>\n<meta property=\"og:locale\" content=\"fr_FR\" \/>\n<meta property=\"og:type\" content=\"article\" \/>\n<meta property=\"og:title\" content=\"Design - Kopen\" \/>\n<meta property=\"og:description\" content=\"D\u00e9couvrez les nouvelles collections Kopen, cr\u00e9\u00e9es pour r\u00e9pondre \u00e0 tous les besoins architecturaux.\" \/>\n<meta property=\"og:url\" content=\"https:\/\/kopendoors.com\/fr\/design\/\" \/>\n<meta property=\"og:site_name\" content=\"Kopen\" \/>\n<meta property=\"article:publisher\" content=\"https:\/\/www.facebook.com\/Kopendoors\" \/>\n<meta property=\"article:modified_time\" content=\"2022-12-04T16:15:42+00:00\" \/>\n<meta property=\"og:image\" content=\"https:\/\/kopendoors.com\/wp-content\/uploads\/2022\/11\/background-top-title-design.jpg\" \/>\n\t<meta property=\"og:image:width\" content=\"1920\" \/>\n\t<meta property=\"og:image:height\" content=\"514\" \/>\n\t<meta property=\"og:image:type\" content=\"image\/jpeg\" \/>\n<meta name=\"twitter:card\" content=\"summary_large_image\" \/>\n<meta name=\"twitter:site\" content=\"@Kopendoor\" \/>\n<meta name=\"twitter:label1\" content=\"Dur\u00e9e de lecture estim\u00e9e\" \/>\n\t<meta name=\"twitter:data1\" content=\"1 minute\" \/>\n<script type=\"application\/ld+json\" class=\"yoast-schema-graph\">{\"@context\":\"https:\/\/schema.org\",\"@graph\":[{\"@type\":\"WebPage\",\"@id\":\"https:\/\/kopendoors.com\/fr\/design\/\",\"url\":\"https:\/\/kopendoors.com\/fr\/design\/\",\"name\":\"Design - Kopen\",\"isPartOf\":{\"@id\":\"https:\/\/kopendoors.com\/it\/#website\"},\"primaryImageOfPage\":{\"@id\":\"https:\/\/kopendoors.com\/fr\/design\/#primaryimage\"},\"image\":{\"@id\":\"https:\/\/kopendoors.com\/fr\/design\/#primaryimage\"},\"thumbnailUrl\":\"https:\/\/kopendoors.com\/wp-content\/uploads\/2022\/11\/background-top-title-design.jpg\",\"datePublished\":\"2022-11-06T10:16:55+00:00\",\"dateModified\":\"2022-12-04T16:15:42+00:00\",\"description\":\"D\u00e9couvrez les nouvelles collections Kopen, cr\u00e9\u00e9es pour r\u00e9pondre \u00e0 tous les besoins architecturaux.\",\"inLanguage\":\"fr-FR\",\"potentialAction\":[{\"@type\":\"ReadAction\",\"target\":[\"https:\/\/kopendoors.com\/fr\/design\/\"]}]},{\"@type\":\"ImageObject\",\"inLanguage\":\"fr-FR\",\"@id\":\"https:\/\/kopendoors.com\/fr\/design\/#primaryimage\",\"url\":\"https:\/\/kopendoors.com\/wp-content\/uploads\/2022\/11\/background-top-title-design.jpg\",\"contentUrl\":\"https:\/\/kopendoors.com\/wp-content\/uploads\/2022\/11\/background-top-title-design.jpg\",\"width\":1920,\"height\":514,\"caption\":\"design di qualit\u00e0\"},{\"@type\":\"WebSite\",\"@id\":\"https:\/\/kopendoors.com\/it\/#website\",\"url\":\"https:\/\/kopendoors.com\/it\/\",\"name\":\"Kopen\",\"description\":\"Porte di Ingresso in Alluminio con Design Esclusivo. Belle e Personalizzabili. Garanzia 15 anni.\",\"potentialAction\":[{\"@type\":\"SearchAction\",\"target\":{\"@type\":\"EntryPoint\",\"urlTemplate\":\"https:\/\/kopendoors.com\/it\/?s={search_term_string}\"},\"query-input\":{\"@type\":\"PropertyValueSpecification\",\"valueRequired\":true,\"valueName\":\"search_term_string\"}}],\"inLanguage\":\"fr-FR\"}]}<\/script>\n<!-- \/ Yoast SEO plugin. -->","yoast_head_json":{"title":"Design - Kopen","description":"D\u00e9couvrez les nouvelles collections Kopen, cr\u00e9\u00e9es pour r\u00e9pondre \u00e0 tous les besoins architecturaux.","robots":{"index":"index","follow":"follow","max-snippet":"max-snippet:-1","max-image-preview":"max-image-preview:large","max-video-preview":"max-video-preview:-1"},"canonical":"https:\/\/kopendoors.com\/fr\/design\/","og_locale":"fr_FR","og_type":"article","og_title":"Design - Kopen","og_description":"D\u00e9couvrez les nouvelles collections Kopen, cr\u00e9\u00e9es pour r\u00e9pondre \u00e0 tous les besoins architecturaux.","og_url":"https:\/\/kopendoors.com\/fr\/design\/","og_site_name":"Kopen","article_publisher":"https:\/\/www.facebook.com\/Kopendoors","article_modified_time":"2022-12-04T16:15:42+00:00","og_image":[{"width":1920,"height":514,"url":"https:\/\/kopendoors.com\/wp-content\/uploads\/2022\/11\/background-top-title-design.jpg","type":"image\/jpeg"}],"twitter_card":"summary_large_image","twitter_site":"@Kopendoor","twitter_misc":{"Dur\u00e9e de lecture estim\u00e9e":"1 minute"},"schema":{"@context":"https:\/\/schema.org","@graph":[{"@type":"WebPage","@id":"https:\/\/kopendoors.com\/fr\/design\/","url":"https:\/\/kopendoors.com\/fr\/design\/","name":"Design - Kopen","isPartOf":{"@id":"https:\/\/kopendoors.com\/it\/#website"},"primaryImageOfPage":{"@id":"https:\/\/kopendoors.com\/fr\/design\/#primaryimage"},"image":{"@id":"https:\/\/kopendoors.com\/fr\/design\/#primaryimage"},"thumbnailUrl":"https:\/\/kopendoors.com\/wp-content\/uploads\/2022\/11\/background-top-title-design.jpg","datePublished":"2022-11-06T10:16:55+00:00","dateModified":"2022-12-04T16:15:42+00:00","description":"D\u00e9couvrez les nouvelles collections Kopen, cr\u00e9\u00e9es pour r\u00e9pondre \u00e0 tous les besoins architecturaux.","inLanguage":"fr-FR","potentialAction":[{"@type":"ReadAction","target":["https:\/\/kopendoors.com\/fr\/design\/"]}]},{"@type":"ImageObject","inLanguage":"fr-FR","@id":"https:\/\/kopendoors.com\/fr\/design\/#primaryimage","url":"https:\/\/kopendoors.com\/wp-content\/uploads\/2022\/11\/background-top-title-design.jpg","contentUrl":"https:\/\/kopendoors.com\/wp-content\/uploads\/2022\/11\/background-top-title-design.jpg","width":1920,"height":514,"caption":"design di qualit\u00e0"},{"@type":"WebSite","@id":"https:\/\/kopendoors.com\/it\/#website","url":"https:\/\/kopendoors.com\/it\/","name":"Kopen","description":"Porte di Ingresso in Alluminio con Design Esclusivo. Belle e Personalizzabili. Garanzia 15 anni.","potentialAction":[{"@type":"SearchAction","target":{"@type":"EntryPoint","urlTemplate":"https:\/\/kopendoors.com\/it\/?s={search_term_string}"},"query-input":{"@type":"PropertyValueSpecification","valueRequired":true,"valueName":"search_term_string"}}],"inLanguage":"fr-FR"}]}},"_links":{"self":[{"href":"https:\/\/kopendoors.com\/fr\/wp-json\/wp\/v2\/pages\/6501","targetHints":{"allow":["GET"]}}],"collection":[{"href":"https:\/\/kopendoors.com\/fr\/wp-json\/wp\/v2\/pages"}],"about":[{"href":"https:\/\/kopendoors.com\/fr\/wp-json\/wp\/v2\/types\/page"}],"author":[{"embeddable":true,"href":"https:\/\/kopendoors.com\/fr\/wp-json\/wp\/v2\/users\/1"}],"replies":[{"embeddable":true,"href":"https:\/\/kopendoors.com\/fr\/wp-json\/wp\/v2\/comments?post=6501"}],"version-history":[{"count":4,"href":"https:\/\/kopendoors.com\/fr\/wp-json\/wp\/v2\/pages\/6501\/revisions"}],"predecessor-version":[{"id":6627,"href":"https:\/\/kopendoors.com\/fr\/wp-json\/wp\/v2\/pages\/6501\/revisions\/6627"}],"wp:featuredmedia":[{"embeddable":true,"href":"https:\/\/kopendoors.com\/fr\/wp-json\/wp\/v2\/media\/5671"}],"wp:attachment":[{"href":"https:\/\/kopendoors.com\/fr\/wp-json\/wp\/v2\/media?parent=6501"}],"curies":[{"name":"wp","href":"https:\/\/api.w.org\/{rel}","templated":true}]}}